{"id":232,"date":"2017-09-05T16:02:19","date_gmt":"2017-09-05T16:02:19","guid":{"rendered":"http:\/\/apel35.fr\/?page_id=232"},"modified":"2026-01-19T13:41:53","modified_gmt":"2026-01-19T12:41:53","slug":"partenaires-2","status":"publish","type":"page","link":"https:\/\/apel35.fr\/?page_id=232","title":{"rendered":"Partenaires"},"content":{"rendered":"\n<p>Tout au long de l&rsquo;ann\u00e9e, l&rsquo;Apel 35 oeuvre et collabore avec diff\u00e9rents partenaires. Merci \u00e0 eux pour leur confiance.<\/p>\n\n\n\n<h2>Les acteurs de l&rsquo;Enseignement Catholique en Ille et Vilaine<\/h2>\n\n\n\n<div class=\"wp-block-columns has-3-columns\">\n<div class=\"wp-block-column\">\n<div class=\"wp-block-image\"><figure class=\"aligncenter is-resized\"><a href=\"http:\/\/www.ddec35.org\/\" target=\"_blank\" rel=\"noreferrer noopener\"><img loading=\"lazy\" src=\"https:\/\/apel35.fr\/wp-content\/uploads\/2019\/12\/ddec.jpg\" alt=\"\" class=\"wp-image-1630\" width=\"174\" height=\"174\" srcset=\"https:\/\/apel35.fr\/wp-content\/uploads\/2019\/12\/ddec.jpg 225w, https:\/\/apel35.fr\/wp-content\/uploads\/2019\/12\/ddec-150x150.jpg 150w, https:\/\/apel35.fr\/wp-content\/uploads\/2019\/12\/ddec-75x75.jpg 75w\" sizes=\"(max-width: 174px) 100vw, 174px\" \/><\/a><figcaption>L&rsquo;Apel 35 oeuvre dans diff\u00e9rentes commissions de la DDEC<\/figcaption><\/figure><\/div>\n<\/div>\n\n\n\n<div class=\"wp-block-column\">\n<div class=\"wp-block-image\"><figure class=\"aligncenter is-resized\"><a href=\"https:\/\/www.udogec35.org\/\" target=\"_blank\" rel=\"noreferrer noopener\"><img loading=\"lazy\" src=\"https:\/\/apel35.fr\/wp-content\/uploads\/2019\/12\/udogec35.png\" alt=\"\" class=\"wp-image-1631\" width=\"146\" height=\"146\" srcset=\"https:\/\/apel35.fr\/wp-content\/uploads\/2019\/12\/udogec35.png 200w, https:\/\/apel35.fr\/wp-content\/uploads\/2019\/12\/udogec35-150x150.png 150w, https:\/\/apel35.fr\/wp-content\/uploads\/2019\/12\/udogec35-75x75.png 75w\" sizes=\"(max-width: 146px) 100vw, 146px\" \/><\/a><figcaption>l&rsquo;Apel 35 est membre de droit de l&rsquo;Udogec<\/figcaption><\/figure><\/div>\n<\/div>\n\n\n\n<div class=\"wp-block-column\">\n<div class=\"wp-block-image\"><figure class=\"aligncenter is-resized\"><a href=\"https:\/\/www.ugsel35.fr\/\" target=\"_blank\" rel=\"noreferrer noopener\"><img loading=\"lazy\" src=\"https:\/\/apel35.fr\/wp-content\/uploads\/2019\/12\/ugsel-35.jpg\" alt=\"\" class=\"wp-image-1632\" width=\"155\" height=\"155\" srcset=\"https:\/\/apel35.fr\/wp-content\/uploads\/2019\/12\/ugsel-35.jpg 225w, https:\/\/apel35.fr\/wp-content\/uploads\/2019\/12\/ugsel-35-150x150.jpg 150w, https:\/\/apel35.fr\/wp-content\/uploads\/2019\/12\/ugsel-35-75x75.jpg 75w\" sizes=\"(max-width: 155px) 100vw, 155px\" \/><\/a><figcaption>l&rsquo;Apel 35 est membre de droit de l Ugsel35<\/figcaption><\/figure><\/div>\n<\/div>\n<\/div>\n\n\n\n<div class=\"wp-block-columns\">\n<div class=\"wp-block-column is-vertically-aligned-center\">\n<div class=\"wp-block-image\"><figure class=\"aligncenter size-full is-resized\"><a href=\"https:\/\/www.mijec-bretagne.org\/\"><img loading=\"lazy\" src=\"https:\/\/apel35.fr\/wp-content\/uploads\/2021\/11\/mijec.png\" alt=\"\" class=\"wp-image-2775\" width=\"220\" height=\"87\" srcset=\"https:\/\/apel35.fr\/wp-content\/uploads\/2021\/11\/mijec.png 324w, https:\/\/apel35.fr\/wp-content\/uploads\/2021\/11\/mijec-300x120.png 300w\" sizes=\"(max-width: 220px) 100vw, 220px\" \/><\/a><figcaption>l&rsquo;Apel 35 membre de droit de <br>la MIJEC Rennes<\/figcaption><\/figure><\/div>\n<\/div>\n<\/div>\n\n\n\n<hr class=\"wp-block-separator is-style-wide\" \/>\n\n\n\n<h2>Les pouvoirs publics et partenaires ext\u00e9rieurs<\/h2>\n\n\n\n<div class=\"wp-block-columns\">\n<div class=\"wp-block-column\">\n<div class=\"wp-block-image\"><figure class=\"aligncenter size-full is-resized\"><a href=\"https:\/\/www.atd-quartmonde.fr\/mot-cle\/rennes\/\"><img loading=\"lazy\" src=\"https:\/\/apel35.fr\/wp-content\/uploads\/2021\/11\/at-quart-monde.png\" alt=\"\" class=\"wp-image-2776\" width=\"227\" height=\"91\" srcset=\"https:\/\/apel35.fr\/wp-content\/uploads\/2021\/11\/at-quart-monde.png 355w, https:\/\/apel35.fr\/wp-content\/uploads\/2021\/11\/at-quart-monde-300x120.png 300w\" sizes=\"(max-width: 227px) 100vw, 227px\" \/><\/a><figcaption>participation aux journ\u00e9es r\u00e9gionales<\/figcaption><\/figure><\/div>\n\n\n\n<p><\/p>\n<\/div>\n\n\n\n<div class=\"wp-block-column\">\n<div class=\"wp-block-image\"><figure class=\"aligncenter size-full is-resized\"><a href=\"https:\/\/apel35.fr\/wp-content\/uploads\/2021\/11\/conseil-departemental.png\"><img loading=\"lazy\" src=\"https:\/\/apel35.fr\/wp-content\/uploads\/2021\/11\/conseil-departemental.png\" alt=\"\" class=\"wp-image-2777\" width=\"185\" height=\"121\" \/><\/a><figcaption>l&rsquo;Apel 35 re\u00e7oit une subvention du conseil d\u00e9partemental<\/figcaption><\/figure><\/div>\n<\/div>\n\n\n\n<div class=\"wp-block-column\">\n<div class=\"wp-block-image\"><figure class=\"aligncenter size-full is-resized\"><a href=\"https:\/\/www.ac-rennes.fr\/dsden29\"><img loading=\"lazy\" src=\"https:\/\/apel35.fr\/wp-content\/uploads\/2021\/11\/ia-rennes.png\" alt=\"\" class=\"wp-image-2778\" width=\"174\" height=\"170\" \/><\/a><figcaption>l&rsquo;Apel 35 si\u00e8ge en CDOEA<\/figcaption><\/figure><\/div>\n<\/div>\n<\/div>\n\n\n\n<div class=\"wp-block-columns\">\n<div class=\"wp-block-column\">\n<div class=\"wp-block-image\"><figure class=\"aligncenter size-full is-resized\"><a href=\"https:\/\/www.mdph35.fr\/\"><img loading=\"lazy\" src=\"https:\/\/apel35.fr\/wp-content\/uploads\/2021\/11\/MDPH.png\" alt=\"\" class=\"wp-image-2780\" width=\"179\" height=\"157\" srcset=\"https:\/\/apel35.fr\/wp-content\/uploads\/2021\/11\/MDPH.png 329w, https:\/\/apel35.fr\/wp-content\/uploads\/2021\/11\/MDPH-300x265.png 300w\" sizes=\"(max-width: 179px) 100vw, 179px\" \/><\/a><figcaption>L Apel 35 si\u00e8ge en CDAPH<\/figcaption><\/figure><\/div>\n<\/div>\n<\/div>\n\n\n\n<div class=\"wp-block-columns has-2-columns\">\n<div class=\"wp-block-column\">\n<h2>L&rsquo;Apel : un mouvement f\u00e9d\u00e9r\u00e9 ! Au niveau acad\u00e9mique : l&rsquo;Apel de Bretagne et au niveau national : l&rsquo;Apel nationale<\/h2>\n\n\n\n<p>A chaque \u00e9chelon Apel, les parents engag\u00e9s sont des b\u00e9n\u00e9voles qui ont au moins un enfant scolaris\u00e9 dans un \u00e9tablissement d&rsquo;enseignement catholique pendant leur engagement.<\/p>\n\n\n\n<p>Pr\u00e9sidente de l&rsquo;Apel nationale : H\u00e9l\u00e8ne Laubignat<\/p>\n<\/div>\n<\/div>\n\n\n\n<div class=\"wp-block-image\"><figure class=\"aligncenter size-full\"><a href=\"https:\/\/apel35.fr\/wp-content\/uploads\/2025\/10\/Capture-decran-2025-10-15-121757.png\"><img loading=\"lazy\" width=\"619\" height=\"366\" src=\"https:\/\/apel35.fr\/wp-content\/uploads\/2025\/10\/Capture-decran-2025-10-15-121757.png\" alt=\"\" class=\"wp-image-4198\" srcset=\"https:\/\/apel35.fr\/wp-content\/uploads\/2025\/10\/Capture-decran-2025-10-15-121757.png 619w, https:\/\/apel35.fr\/wp-content\/uploads\/2025\/10\/Capture-decran-2025-10-15-121757-300x177.png 300w, https:\/\/apel35.fr\/wp-content\/uploads\/2025\/10\/Capture-decran-2025-10-15-121757-600x355.png 600w\" sizes=\"(max-width: 619px) 100vw, 619px\" \/><\/a><\/figure><\/div>\n\n\n\n<hr class=\"wp-block-separator is-style-wide\" \/>\n","protected":false},"excerpt":{"rendered":"<p>Tout au long de l&rsquo;ann\u00e9e, l&rsquo;Apel 35 oeuvre et collabore avec diff\u00e9rents partenaires. Merci \u00e0 eux pour leur confiance. Les acteurs de l&rsquo;Enseignement Catholique en Ille et Vilaine L&rsquo;Apel 35 oeuvre dans diff\u00e9rentes commissions de la DDEC l&rsquo;Apel 35 est membre de droit de l&rsquo;Udogec l&rsquo;Apel 35 est membre de droit de l Ugsel35 l&rsquo;Apel &hellip;<\/p>\n","protected":false},"author":1,"featured_media":0,"parent":0,"menu_order":0,"comment_status":"closed","ping_status":"closed","template":"","meta":[],"_links":{"self":[{"href":"https:\/\/apel35.fr\/index.php?rest_route=\/wp\/v2\/pages\/232"}],"collection":[{"href":"https:\/\/apel35.fr\/index.php?rest_route=\/wp\/v2\/pages"}],"about":[{"href":"https:\/\/apel35.fr\/index.php?rest_route=\/wp\/v2\/types\/page"}],"author":[{"embeddable":true,"href":"https:\/\/apel35.fr\/index.php?rest_route=\/wp\/v2\/users\/1"}],"replies":[{"embeddable":true,"href":"https:\/\/apel35.fr\/index.php?rest_route=%2Fwp%2Fv2%2Fcomments&post=232"}],"version-history":[{"count":42,"href":"https:\/\/apel35.fr\/index.php?rest_route=\/wp\/v2\/pages\/232\/revisions"}],"predecessor-version":[{"id":4225,"href":"https:\/\/apel35.fr\/index.php?rest_route=\/wp\/v2\/pages\/232\/revisions\/4225"}],"wp:attachment":[{"href":"https:\/\/apel35.fr\/index.php?rest_route=%2Fwp%2Fv2%2Fmedia&parent=232"}],"curies":[{"name":"wp","href":"https:\/\/api.w.org\/{rel}","templated":true}]}}