{"id":425,"date":"2017-11-03T11:11:10","date_gmt":"2017-11-03T10:11:10","guid":{"rendered":"http:\/\/apel35.fr\/?page_id=425"},"modified":"2023-10-04T11:01:50","modified_gmt":"2023-10-04T09:01:50","slug":"mentions-legales","status":"publish","type":"page","link":"https:\/\/apel35.fr\/?page_id=425","title":{"rendered":"Mentions l\u00e9gales"},"content":{"rendered":"<div class=\"std\">\n<p><strong>1. Mentions L\u00e9gales Editeur<\/strong><\/p>\n<p>Le site &lt;apel35.fr&gt; est \u00e9dit\u00e9 par l&rsquo;association APEL (Association de Parents de l&rsquo;Enseignement Libre) du d\u00e9partement d&rsquo;Ille-et-Vilaine, dont le si\u00e8ge social est \u00e9tabli \u2013\u00a0 45 rue de Brest \u2013\u00a0 35000 RENNES \u2013 France. Immatricul\u00e9e sous le num\u00e9ro SIRET : 77774951600046.<\/p>\n<p>Le directeur de la publication est M Patrick GAULIER, pr\u00e9sident de l&rsquo;Association. Le responsable \u00e9ditorial est Mme Sandra DENIS, salari\u00e9e de l&rsquo;association.<\/p>\n<p>Conception-r\u00e9alisation : communication Apel 35.<\/p>\n<p><strong>2. Mentions L\u00e9gales H\u00e9bergeur<\/strong><\/p>\n<p>Le site est h\u00e9berg\u00e9 par OVH \u2013\u00a0 2 rue Kellermann \u2013 59100 ROUBAIX \u2013 France<br \/>\nPour contacter OVH, rendez-vous \u00e0 l\u2019adresse <a href=\"http:\/\/www.ovh.com\/fr\/support\/\">http:\/\/www.ovh.com\/fr\/support\/<\/a><\/p>\n<p><strong>3. Respect des droits de propri\u00e9t\u00e9 intellectuelle<\/strong><\/p>\n<p>Toute repr\u00e9sentation totale ou partielle de ce site par quelque proc\u00e9d\u00e9 que ce soit, sans l&rsquo;autorisation expresse de l&rsquo;APEL 35 est interdite et constituerait une contrefa\u00e7on sanctionn\u00e9e, notamment de fa\u00e7on p\u00e9nale, par les articles L.335-2 et suivants du Code de la propri\u00e9t\u00e9 intellectuelle. De m\u00eame les marques et autres signes distinctifs tels que logos et symboles figurant sur le site sont la propri\u00e9t\u00e9 de l&rsquo;APEL 35 ou de ses partenaires et toute utilisation par des tiers non autoris\u00e9s en est strictement interdite.<\/p>\n<p><strong>4. <a href=\"https:\/\/apel35.fr\/charte-du-respect-de-la-vie-privee\/\">Charte du Respect de la Vie priv\u00e9e<\/a><\/strong><\/p>\n<\/div>\n","protected":false},"excerpt":{"rendered":"<p>1. Mentions L\u00e9gales Editeur Le site &lt;apel35.fr&gt; est \u00e9dit\u00e9 par l&rsquo;association APEL (Association de Parents de l&rsquo;Enseignement Libre) du d\u00e9partement d&rsquo;Ille-et-Vilaine, dont le si\u00e8ge social est \u00e9tabli \u2013\u00a0 45 rue de Brest \u2013\u00a0 35000 RENNES \u2013 France. Immatricul\u00e9e sous le num\u00e9ro SIRET : 77774951600046. Le directeur de la publication est M Patrick GAULIER, pr\u00e9sident de &hellip;<\/p>\n","protected":false},"author":1,"featured_media":0,"parent":0,"menu_order":0,"comment_status":"closed","ping_status":"closed","template":"","meta":[],"_links":{"self":[{"href":"https:\/\/apel35.fr\/index.php?rest_route=\/wp\/v2\/pages\/425"}],"collection":[{"href":"https:\/\/apel35.fr\/index.php?rest_route=\/wp\/v2\/pages"}],"about":[{"href":"https:\/\/apel35.fr\/index.php?rest_route=\/wp\/v2\/types\/page"}],"author":[{"embeddable":true,"href":"https:\/\/apel35.fr\/index.php?rest_route=\/wp\/v2\/users\/1"}],"replies":[{"embeddable":true,"href":"https:\/\/apel35.fr\/index.php?rest_route=%2Fwp%2Fv2%2Fcomments&post=425"}],"version-history":[{"count":5,"href":"https:\/\/apel35.fr\/index.php?rest_route=\/wp\/v2\/pages\/425\/revisions"}],"predecessor-version":[{"id":3419,"href":"https:\/\/apel35.fr\/index.php?rest_route=\/wp\/v2\/pages\/425\/revisions\/3419"}],"wp:attachment":[{"href":"https:\/\/apel35.fr\/index.php?rest_route=%2Fwp%2Fv2%2Fmedia&parent=425"}],"curies":[{"name":"wp","href":"https:\/\/api.w.org\/{rel}","templated":true}]}}